{"id":6058,"date":"2024-12-11T15:03:56","date_gmt":"2024-12-11T15:03:56","guid":{"rendered":"https:\/\/catalunyaparkhotels.com\/HC\/?page_id=6058"},"modified":"2025-02-14T08:49:38","modified_gmt":"2025-02-14T08:49:38","slug":"localitzacio","status":"publish","type":"page","link":"https:\/\/catalunyaparkhotels.com\/HC\/localitzacio\/","title":{"rendered":"Localitzaci\u00f3"},"content":{"rendered":"\t\t<div data-elementor-type=\"wp-page\" data-elementor-id=\"6058\" class=\"elementor elementor-6058\" data-elementor-post-type=\"page\">\n\t\t\t\t\t\t<section class=\"elementor-section elementor-top-section elementor-element elementor-element-35fcc9c elementor-section-boxed elementor-section-height-default elementor-section-height-default\" data-id=\"35fcc9c\" data-element_type=\"section\" data-settings=\"{&quot;background_background&quot;:&quot;classic&quot;}\">\n\t\t\t\t\t\t\t<div class=\"elementor-background-overlay\"><\/div>\n\t\t\t\t\t\t\t<div class=\"elementor-container elementor-column-gap-default\">\n\t\t\t\t\t<div class=\"elementor-column elementor-col-100 elementor-top-column elementor-element elementor-element-296f5a8\" data-id=\"296f5a8\" data-element_type=\"column\">\n\t\t\t<div class=\"elementor-widget-wrap elementor-element-populated\">\n\t\t\t\t\t\t<div class=\"elementor-element elementor-element-0c4ede0 elementor-widget elementor-widget-heading\" data-id=\"0c4ede0\" data-element_type=\"widget\" data-widget_type=\"heading.default\">\n\t\t\t\t<div class=\"elementor-widget-container\">\n\t\t\t\t\t<h1 class=\"elementor-heading-title elementor-size-default\"><span style=\"font-weight: normal\">Localitzaci\u00f3<\/span><\/h1>\t\t\t\t<\/div>\n\t\t\t\t<\/div>\n\t\t\t\t\t<\/div>\n\t\t<\/div>\n\t\t\t\t\t<\/div>\n\t\t<\/section>\n\t\t\t\t<section class=\"elementor-section elementor-top-section elementor-element elementor-element-67c70a6 envato-kit-141-top-0 elementor-section-boxed elementor-section-height-default elementor-section-height-default\" data-id=\"67c70a6\" data-element_type=\"section\" data-settings=\"{&quot;background_background&quot;:&quot;classic&quot;}\">\n\t\t\t\t\t\t\t<div class=\"elementor-background-overlay\"><\/div>\n\t\t\t\t\t\t\t<div class=\"elementor-container elementor-column-gap-wider\">\n\t\t\t\t\t<div class=\"elementor-column elementor-col-100 elementor-top-column elementor-element elementor-element-b390704\" data-id=\"b390704\" data-element_type=\"column\">\n\t\t\t<div class=\"elementor-widget-wrap elementor-element-populated\">\n\t\t\t\t\t\t<div class=\"elementor-element elementor-element-be430a4 elementor-invisible elementor-widget elementor-widget-heading\" data-id=\"be430a4\" data-element_type=\"widget\" data-settings=\"{&quot;_animation&quot;:&quot;fadeIn&quot;,&quot;_animation_delay&quot;:150}\" data-widget_type=\"heading.default\">\n\t\t\t\t<div class=\"elementor-widget-container\">\n\t\t\t\t\t<h2 class=\"elementor-heading-title elementor-size-default\"><span style=\"font-size: 0.875rem\">VINE AVUI<\/span><\/h2>\t\t\t\t<\/div>\n\t\t\t\t<\/div>\n\t\t\t\t<div class=\"elementor-element elementor-element-43e0009 elementor-widget__width-inherit contactans elementor-invisible elementor-widget elementor-widget-heading\" data-id=\"43e0009\" data-element_type=\"widget\" data-settings=\"{&quot;_animation&quot;:&quot;fadeIn&quot;,&quot;_animation_delay&quot;:100}\" data-widget_type=\"heading.default\">\n\t\t\t\t<div class=\"elementor-widget-container\">\n\t\t\t\t\t<h2 class=\"elementor-heading-title elementor-size-default\"><span style=\"font-size: 3rem\">Trobeu-nos<\/span><\/h2>\t\t\t\t<\/div>\n\t\t\t\t<\/div>\n\t\t\t\t<div class=\"elementor-element elementor-element-bc4b468 elementor-widget-divider--view-line elementor-invisible elementor-widget elementor-widget-divider\" data-id=\"bc4b468\" data-element_type=\"widget\" data-settings=\"{&quot;_animation&quot;:&quot;fadeIn&quot;,&quot;_animation_delay&quot;:200}\" data-widget_type=\"divider.default\">\n\t\t\t\t<div class=\"elementor-widget-container\">\n\t\t\t\t\t\t\t<div class=\"elementor-divider\">\n\t\t\t<span class=\"elementor-divider-separator\">\n\t\t\t\t\t\t<\/span>\n\t\t<\/div>\n\t\t\t\t\t\t<\/div>\n\t\t\t\t<\/div>\n\t\t\t\t<div class=\"elementor-element elementor-element-a15926b elementor-invisible elementor-widget elementor-widget-heading\" data-id=\"a15926b\" data-element_type=\"widget\" data-settings=\"{&quot;_animation&quot;:&quot;fadeIn&quot;,&quot;_animation_delay&quot;:250}\" data-widget_type=\"heading.default\">\n\t\t\t\t<div class=\"elementor-widget-container\">\n\t\t\t\t\t<h2 class=\"elementor-heading-title elementor-size-default\">L\u2019hotel Catalunya* est\u00e0 situat al centre de Ribes de Freser, a 320 metres de l\u2019estaci\u00f3 de tren de RENFE i a 300 metres de l\u2019estaci\u00f3 del tren Cremallera que porta a Vall de N\u00faria (Ribes Enlla\u00e7).<\/h2>\t\t\t\t<\/div>\n\t\t\t\t<\/div>\n\t\t\t\t\t<\/div>\n\t\t<\/div>\n\t\t\t\t\t<\/div>\n\t\t<\/section>\n\t\t\t\t<section class=\"elementor-section elementor-top-section elementor-element elementor-element-eae4c44 envato-kit-141-top-0 elementor-section-content-middle elementor-section-boxed elementor-section-height-default elementor-section-height-default\" data-id=\"eae4c44\" data-element_type=\"section\" data-settings=\"{&quot;background_background&quot;:&quot;classic&quot;}\">\n\t\t\t\t\t\t\t<div class=\"elementor-background-overlay\"><\/div>\n\t\t\t\t\t\t\t<div class=\"elementor-container elementor-column-gap-wider\">\n\t\t\t\t\t<div class=\"elementor-column elementor-col-100 elementor-top-column elementor-element elementor-element-0078670\" data-id=\"0078670\" data-element_type=\"column\">\n\t\t\t<div class=\"elementor-widget-wrap elementor-element-populated\">\n\t\t\t\t\t\t<div class=\"elementor-element elementor-element-c7a7025 elementor-invisible elementor-widget elementor-widget-google_maps\" data-id=\"c7a7025\" data-element_type=\"widget\" data-settings=\"{&quot;_animation&quot;:&quot;fadeIn&quot;,&quot;_animation_delay&quot;:300}\" data-widget_type=\"google_maps.default\">\n\t\t\t\t<div class=\"elementor-widget-container\">\n\t\t\t\t\t\t\t<div class=\"elementor-custom-embed\">\n\t\t\t<iframe\n\t\t\t\t\tdata-src=\"https:\/\/maps.google.com\/maps?q=Carrer%20Sant%20Quint%C3%AD%2C%2037%20%2F%2017534%20Ribes%20de%20Freser%20hotel%20catalunya&#038;t=m&#038;z=10&#038;output=embed&#038;iwloc=near\"\n\t\t\t\t\ttitle=\"Carrer Sant Quint\u00ed, 37 \/ 17534 Ribes de Freser hotel catalunya\"\n\t\t\t\t\taria-label=\"Carrer Sant Quint\u00ed, 37 \/ 17534 Ribes de Freser hotel catalunya\"\n\t\t\t src=\"data:image\/gif;base64,R0lGODlhAQABAAAAACH5BAEKAAEALAAAAAABAAEAAAICTAEAOw==\" class=\"lazyload\" data-load-mode=\"1\"><\/iframe>\n\t\t<\/div>\n\t\t\t\t\t\t<\/div>\n\t\t\t\t<\/div>\n\t\t\t\t<section class=\"elementor-section elementor-inner-section elementor-element elementor-element-5b7d353 elementor-section-boxed elementor-section-height-default elementor-section-height-default\" data-id=\"5b7d353\" data-element_type=\"section\">\n\t\t\t\t\t\t<div class=\"elementor-container elementor-column-gap-no\">\n\t\t\t\t\t<div class=\"elementor-column elementor-col-100 elementor-inner-column elementor-element elementor-element-ad4bfe6 elementor-invisible\" data-id=\"ad4bfe6\" data-element_type=\"column\" data-settings=\"{&quot;animation&quot;:&quot;fadeIn&quot;,&quot;animation_delay&quot;:150}\">\n\t\t\t<div class=\"elementor-widget-wrap elementor-element-populated\">\n\t\t\t\t\t\t<div class=\"elementor-element elementor-element-0ba0e1f elementor-widget elementor-widget-heading\" data-id=\"0ba0e1f\" data-element_type=\"widget\" data-widget_type=\"heading.default\">\n\t\t\t\t<div class=\"elementor-widget-container\">\n\t\t\t\t\t<h2 class=\"elementor-heading-title elementor-size-default\">Troba'ns directament<\/h2>\t\t\t\t<\/div>\n\t\t\t\t<\/div>\n\t\t\t\t<div class=\"elementor-element elementor-element-539c3de elementor-icon-list--layout-traditional elementor-list-item-link-full_width elementor-widget elementor-widget-icon-list\" data-id=\"539c3de\" data-element_type=\"widget\" data-widget_type=\"icon-list.default\">\n\t\t\t\t<div class=\"elementor-widget-container\">\n\t\t\t\t\t\t\t<ul class=\"elementor-icon-list-items\">\n\t\t\t\t\t\t\t<li class=\"elementor-icon-list-item\">\n\t\t\t\t\t\t\t\t\t\t\t<span class=\"elementor-icon-list-icon\">\n\t\t\t\t\t\t\t<i aria-hidden=\"true\" class=\"fas fa-map-marker-alt\"><\/i>\t\t\t\t\t\t<\/span>\n\t\t\t\t\t\t\t\t\t\t<span class=\"elementor-icon-list-text\">Carrer Sant Quint\u00ed, 37 17534 Ribes de Freser \u00b7<\/span>\n\t\t\t\t\t\t\t\t\t<\/li>\n\t\t\t\t\t\t<\/ul>\n\t\t\t\t\t\t<\/div>\n\t\t\t\t<\/div>\n\t\t\t\t\t<\/div>\n\t\t<\/div>\n\t\t\t\t\t<\/div>\n\t\t<\/section>\n\t\t\t\t\t<\/div>\n\t\t<\/div>\n\t\t\t\t\t<\/div>\n\t\t<\/section>\n\t\t\t\t<section class=\"elementor-section elementor-top-section elementor-element elementor-element-24522be1 elementor-section-content-middle tablet--reverse-columns elementor-section-boxed elementor-section-height-default elementor-section-height-default\" data-id=\"24522be1\" data-element_type=\"section\" data-settings=\"{&quot;background_background&quot;:&quot;classic&quot;}\">\n\t\t\t\t\t\t\t<div class=\"elementor-background-overlay\"><\/div>\n\t\t\t\t\t\t\t<div class=\"elementor-container elementor-column-gap-no\">\n\t\t\t\t\t<div class=\"elementor-column elementor-col-50 elementor-top-column elementor-element elementor-element-61eba1dc animated-fast elementor-invisible\" data-id=\"61eba1dc\" data-element_type=\"column\" data-settings=\"{&quot;animation&quot;:&quot;fadeIn&quot;}\">\n\t\t\t<div class=\"elementor-widget-wrap elementor-element-populated\">\n\t\t\t\t\t\t<div class=\"elementor-element elementor-element-d09ca0d elementor-widget__width-initial elementor-widget elementor-widget-image-box\" data-id=\"d09ca0d\" data-element_type=\"widget\" data-widget_type=\"image-box.default\">\n\t\t\t\t<div class=\"elementor-widget-container\">\n\t\t\t\t\t<div class=\"elementor-image-box-wrapper\"><div class=\"elementor-image-box-content\"><h3 class=\"elementor-image-box-title\"><i aria-hidden=\"true\" class=\"fas fa-info\"><\/i>  Ubicaci\u00f3 ideal<\/h3><\/div><\/div>\t\t\t\t<\/div>\n\t\t\t\t<\/div>\n\t\t\t\t\t<\/div>\n\t\t<\/div>\n\t\t\t\t<div class=\"elementor-column elementor-col-50 elementor-top-column elementor-element elementor-element-61c8963c animated-fast elementor-invisible\" data-id=\"61c8963c\" data-element_type=\"column\" data-settings=\"{&quot;background_background&quot;:&quot;classic&quot;,&quot;animation&quot;:&quot;fadeIn&quot;,&quot;animation_delay&quot;:300}\">\n\t\t\t<div class=\"elementor-widget-wrap elementor-element-populated\">\n\t\t\t\t\t\t<div class=\"elementor-element elementor-element-13ba3c60 elementor-widget elementor-widget-text-editor\" data-id=\"13ba3c60\" data-element_type=\"widget\" data-widget_type=\"text-editor.default\">\n\t\t\t\t<div class=\"elementor-widget-container\">\n\t\t\t\t\t\t\t\t\t<p>L\u2019Hotel Catalunya es troba al municipi de Ribes de Freser, a la comarca del Ripoll\u00e8s, en una localitzaci\u00f3 extraordin\u00e0ria per gaudir dels esports de muntanya (esqu\u00ed, escalada, excursionisme, bicicletes, via ferrata&#8230;entre d&#8217;altres), per degustar la fabulosa gastronomia local, per descobrir l&#8217;encant dels pobles que formen part de la Vall de Ribes i per desconnectar a la naturalesa vivint el concepte slow days, la vida sense pressa!<\/p>\t\t\t\t\t\t\t\t<\/div>\n\t\t\t\t<\/div>\n\t\t\t\t\t<\/div>\n\t\t<\/div>\n\t\t\t\t\t<\/div>\n\t\t<\/section>\n\t\t\t\t<section class=\"elementor-section elementor-top-section elementor-element elementor-element-7251b305 elementor-section-content-middle tablet--reverse-columns elementor-section-boxed elementor-section-height-default elementor-section-height-default\" data-id=\"7251b305\" data-element_type=\"section\" data-settings=\"{&quot;background_background&quot;:&quot;classic&quot;}\">\n\t\t\t\t\t\t\t<div class=\"elementor-background-overlay\"><\/div>\n\t\t\t\t\t\t\t<div class=\"elementor-container elementor-column-gap-no\">\n\t\t\t\t\t<div class=\"elementor-column elementor-col-50 elementor-top-column elementor-element elementor-element-17960239 animated-fast elementor-invisible\" data-id=\"17960239\" data-element_type=\"column\" data-settings=\"{&quot;background_background&quot;:&quot;classic&quot;,&quot;animation&quot;:&quot;fadeIn&quot;,&quot;animation_delay&quot;:300}\">\n\t\t\t<div class=\"elementor-widget-wrap elementor-element-populated\">\n\t\t\t\t\t\t<div class=\"elementor-element elementor-element-17ad74f7 elementor-widget elementor-widget-text-editor\" data-id=\"17ad74f7\" data-element_type=\"widget\" data-widget_type=\"text-editor.default\">\n\t\t\t\t<div class=\"elementor-widget-container\">\n\t\t\t\t\t\t\t\t\t<p>L\u2019hotel est\u00e0 a 5 minuts a peu de l\u2019estaci\u00f3 del Cremallera de Ribes Enlla\u00e7 i 10 minuts de l\u2019estaci\u00f3 de Ribes Vila.<br>A l\u2019hotel pots comprar els bitllets del cremallera. T\u2019oferim avantatges exclusius i la possibilitat de pujar m\u00e9s de un d\u00eda a la vall a un preu m\u00e9s reduit.<\/p>\n<p>Contacta&#8217;ns i t\u2019informarem!<\/p>\t\t\t\t\t\t\t\t<\/div>\n\t\t\t\t<\/div>\n\t\t\t\t\t<\/div>\n\t\t<\/div>\n\t\t\t\t<div class=\"elementor-column elementor-col-50 elementor-top-column elementor-element elementor-element-5be0e8b5 animated-fast elementor-invisible\" data-id=\"5be0e8b5\" data-element_type=\"column\" data-settings=\"{&quot;animation&quot;:&quot;fadeIn&quot;}\">\n\t\t\t<div class=\"elementor-widget-wrap elementor-element-populated\">\n\t\t\t\t\t\t<div class=\"elementor-element elementor-element-e497cf2 elementor-widget__width-initial elementor-widget elementor-widget-image-box\" data-id=\"e497cf2\" data-element_type=\"widget\" data-widget_type=\"image-box.default\">\n\t\t\t\t<div class=\"elementor-widget-container\">\n\t\t\t\t\t<div class=\"elementor-image-box-wrapper\"><div class=\"elementor-image-box-content\"><h3 class=\"elementor-image-box-title\"><i aria-hidden=\"true\" class=\"fas fa-tree\"><\/i>  Vall de N\u00faria<\/h3><\/div><\/div>\t\t\t\t<\/div>\n\t\t\t\t<\/div>\n\t\t\t\t\t<\/div>\n\t\t<\/div>\n\t\t\t\t\t<\/div>\n\t\t<\/section>\n\t\t\t\t<section class=\"elementor-section elementor-top-section elementor-element elementor-element-cd68b0c envato-kit-141-top-0 elementor-section-boxed elementor-section-height-default elementor-section-height-default\" data-id=\"cd68b0c\" data-element_type=\"section\" data-settings=\"{&quot;background_background&quot;:&quot;classic&quot;}\">\n\t\t\t\t\t\t\t<div class=\"elementor-background-overlay\"><\/div>\n\t\t\t\t\t\t\t<div class=\"elementor-container elementor-column-gap-wider\">\n\t\t\t\t\t<div class=\"elementor-column elementor-col-100 elementor-top-column elementor-element elementor-element-723739e\" data-id=\"723739e\" data-element_type=\"column\">\n\t\t\t<div class=\"elementor-widget-wrap elementor-element-populated\">\n\t\t\t\t\t\t<div class=\"elementor-element elementor-element-33f1891 elementor-invisible elementor-widget elementor-widget-heading\" data-id=\"33f1891\" data-element_type=\"widget\" data-settings=\"{&quot;_animation&quot;:&quot;fadeIn&quot;,&quot;_animation_delay&quot;:150}\" data-widget_type=\"heading.default\">\n\t\t\t\t<div class=\"elementor-widget-container\">\n\t\t\t\t\t<h2 class=\"elementor-heading-title elementor-size-default\">Troba'ns<\/h2>\t\t\t\t<\/div>\n\t\t\t\t<\/div>\n\t\t\t\t<div class=\"elementor-element elementor-element-4d066e1 elementor-widget__width-inherit contactans elementor-invisible elementor-widget elementor-widget-heading\" data-id=\"4d066e1\" data-element_type=\"widget\" data-settings=\"{&quot;_animation&quot;:&quot;fadeIn&quot;,&quot;_animation_delay&quot;:100}\" data-widget_type=\"heading.default\">\n\t\t\t\t<div class=\"elementor-widget-container\">\n\t\t\t\t\t<h2 class=\"elementor-heading-title elementor-size-default\"> On Aparcar? <\/h2>\t\t\t\t<\/div>\n\t\t\t\t<\/div>\n\t\t\t\t<div class=\"elementor-element elementor-element-66c5ae3 elementor-widget-divider--view-line elementor-invisible elementor-widget elementor-widget-divider\" data-id=\"66c5ae3\" data-element_type=\"widget\" data-settings=\"{&quot;_animation&quot;:&quot;fadeIn&quot;,&quot;_animation_delay&quot;:200}\" data-widget_type=\"divider.default\">\n\t\t\t\t<div class=\"elementor-widget-container\">\n\t\t\t\t\t\t\t<div class=\"elementor-divider\">\n\t\t\t<span class=\"elementor-divider-separator\">\n\t\t\t\t\t\t<\/span>\n\t\t<\/div>\n\t\t\t\t\t\t<\/div>\n\t\t\t\t<\/div>\n\t\t\t\t<div class=\"elementor-element elementor-element-390c9c2 elementor-invisible elementor-widget elementor-widget-heading\" data-id=\"390c9c2\" data-element_type=\"widget\" data-settings=\"{&quot;_animation&quot;:&quot;fadeIn&quot;,&quot;_animation_delay&quot;:250}\" data-widget_type=\"heading.default\">\n\t\t\t\t<div class=\"elementor-widget-container\">\n\t\t\t\t\t<h2 class=\"elementor-heading-title elementor-size-default\">Al mateix carrer de l'hotel es pot aparcar sense cap cost. En cas de no trobar aparcament pots deixar el cotxe en zona de c\u00e0rrega i desc\u00e0rrega amb els quatre intermitents, descarregar equipatge  i aparcar al p\u00e0rquing p\u00fablic de l\u2019oficina de Turisme i de Vall de N\u00faria (tranquil i gratu\u00eft, a 5 minuts a peu, 280 metres).\nSi tens moto\/bici contacte amb l\u2019hotel per aparcar al parquing privat de l\u2019hotel Catalunya Park.\n<\/h2>\t\t\t\t<\/div>\n\t\t\t\t<\/div>\n\t\t\t\t\t<\/div>\n\t\t<\/div>\n\t\t\t\t\t<\/div>\n\t\t<\/section>\n\t\t\t\t<section class=\"elementor-section elementor-top-section elementor-element elementor-element-48dcacb elementor-section-content-middle elementor-section-boxed elementor-section-height-default elementor-section-height-default\" data-id=\"48dcacb\" data-element_type=\"section\" data-settings=\"{&quot;background_background&quot;:&quot;classic&quot;}\">\n\t\t\t\t\t\t\t<div class=\"elementor-background-overlay\"><\/div>\n\t\t\t\t\t\t\t<div class=\"elementor-container elementor-column-gap-no\">\n\t\t\t\t\t<div class=\"elementor-column elementor-col-100 elementor-top-column elementor-element elementor-element-79229b2\" data-id=\"79229b2\" data-element_type=\"column\">\n\t\t\t<div class=\"elementor-widget-wrap elementor-element-populated\">\n\t\t\t\t\t\t<section class=\"elementor-section elementor-inner-section elementor-element elementor-element-50de68c elementor-hidden-tablet elementor-hidden-mobile elementor-section-boxed elementor-section-height-default elementor-section-height-default\" data-id=\"50de68c\" data-element_type=\"section\">\n\t\t\t\t\t\t<div class=\"elementor-container elementor-column-gap-extended\">\n\t\t\t\t\t<div class=\"elementor-column elementor-col-33 elementor-inner-column elementor-element elementor-element-2521901\" data-id=\"2521901\" data-element_type=\"column\">\n\t\t\t<div class=\"elementor-widget-wrap elementor-element-populated\">\n\t\t\t\t\t\t<div class=\"elementor-element elementor-element-90bd745 elementor-widget__width-inherit contactans elementor-invisible elementor-widget elementor-widget-heading\" data-id=\"90bd745\" data-element_type=\"widget\" data-settings=\"{&quot;_animation&quot;:&quot;fadeIn&quot;,&quot;_animation_delay&quot;:100}\" data-widget_type=\"heading.default\">\n\t\t\t\t<div class=\"elementor-widget-container\">\n\t\t\t\t\t<h2 class=\"elementor-heading-title elementor-size-default\">Com vols que sigui la teva escapa a la Vall de Ribes?<\/h2>\t\t\t\t<\/div>\n\t\t\t\t<\/div>\n\t\t\t\t\t<\/div>\n\t\t<\/div>\n\t\t\t\t<div class=\"elementor-column elementor-col-33 elementor-inner-column elementor-element elementor-element-be4c52e\" data-id=\"be4c52e\" data-element_type=\"column\">\n\t\t\t<div class=\"elementor-widget-wrap elementor-element-populated\">\n\t\t\t\t\t\t<div class=\"elementor-element elementor-element-2f75515 elementor--h-position-center elementor--v-position-middle elementor-arrows-position-inside elementor-pagination-position-inside elementor-widget elementor-widget-slides\" data-id=\"2f75515\" data-element_type=\"widget\" data-settings=\"{&quot;transition&quot;:&quot;fade&quot;,&quot;navigation&quot;:&quot;both&quot;,&quot;autoplay&quot;:&quot;yes&quot;,&quot;pause_on_hover&quot;:&quot;yes&quot;,&quot;pause_on_interaction&quot;:&quot;yes&quot;,&quot;autoplay_speed&quot;:5000,&quot;infinite&quot;:&quot;yes&quot;,&quot;transition_speed&quot;:500}\" data-widget_type=\"slides.default\">\n\t\t\t\t<div class=\"elementor-widget-container\">\n\t\t\t\t\t\t\t\t\t<div class=\"elementor-swiper\">\n\t\t\t\t\t<div class=\"elementor-slides-wrapper elementor-main-swiper swiper\" role=\"region\" aria-roledescription=\"carousel\" aria-label=\"Diapositivas\" dir=\"ltr\" data-animation=\"fadeInRight\">\n\t\t\t\t<div class=\"swiper-wrapper elementor-slides\">\n\t\t\t\t\t\t\t\t\t\t<div class=\"elementor-repeater-item-361954f swiper-slide\" role=\"group\" aria-roledescription=\"slide\"><div class=\"swiper-slide-bg\" role=\"img\"><\/div><div class=\"elementor-background-overlay\"><\/div><div class=\"swiper-slide-inner\" ><div class=\"swiper-slide-contents\"><div class=\"elementor-slide-heading\">Escapada en fam\u00edlia<\/div><div class=\"elementor-slide-description\">Vine i gaudeix amb els qui m\u00e9s t\u2019estimes d\u2019uns dies que et sorprendran i recordareu sempre m\u00e9s! Aprofita per passar-ho genial amb la teva fam\u00edlia en un entorn ideal a prop de casa!\n<\/div><\/div><\/div><\/div><div class=\"elementor-repeater-item-e04767f swiper-slide\" role=\"group\" aria-roledescription=\"slide\"><div class=\"swiper-slide-bg\" role=\"img\"><\/div><div class=\"elementor-background-overlay\"><\/div><div class=\"swiper-slide-inner\" ><div class=\"swiper-slide-contents\"><div class=\"elementor-slide-heading\">Escapada en fam\u00edlia<\/div><div class=\"elementor-slide-description\">Tenim habitacions  dobles, triples, qu\u00e0druples i familiars (2 adults i 3 nens)  per adaptar-nos al teu tipus de fam\u00edlia. I ens pots demanar un bressol  gratu\u00efts per menors de 2 anys.\n\n<\/div><\/div><\/div><\/div><div class=\"elementor-repeater-item-b50ebec swiper-slide\" role=\"group\" aria-roledescription=\"slide\"><div class=\"swiper-slide-bg\" role=\"img\"><\/div><div class=\"elementor-background-overlay\"><\/div><div class=\"swiper-slide-inner\" ><div class=\"swiper-slide-contents\"><div class=\"elementor-slide-heading\">Escapada en fam\u00edlia<\/div><div class=\"elementor-slide-description\">Disposem d\u2019un sal\u00f3 amb jocs de fusta, contes, joguines, puzles, construccions, escacs, cartes, entre d\u2019altres\n\n<\/div><\/div><\/div><\/div><div class=\"elementor-repeater-item-de0cda4 swiper-slide\" role=\"group\" aria-roledescription=\"slide\"><div class=\"swiper-slide-bg\" role=\"img\"><\/div><div class=\"elementor-background-overlay\"><\/div><div class=\"swiper-slide-inner\" ><div class=\"swiper-slide-contents\"><div class=\"elementor-slide-heading\">Escapada en fam\u00edlia<\/div><div class=\"elementor-slide-description\">Tamb\u00e9 t\u2019oferim la possibilitat de gaudir a l\u2019estiu dels espais del Catalunya Park (a 150 metres) com jard\u00ed, piscina per adults i nens, parc infantil, llit el\u00e0stic, ping-pong, b\u00e0squet, etc.\n<\/div><\/div><\/div><\/div><div class=\"elementor-repeater-item-c358868 swiper-slide\" role=\"group\" aria-roledescription=\"slide\"><div class=\"swiper-slide-bg\" role=\"img\"><\/div><div class=\"elementor-background-overlay\"><\/div><div class=\"swiper-slide-inner\" ><div class=\"swiper-slide-contents\"><div class=\"elementor-slide-heading\">Escapada en fam\u00edlia<\/div><div class=\"elementor-slide-description\">Oferim una cuina casolana amb productes de muntanya pensats per grans com per petits.\nPer nosaltres el teu beb\u00e8 es important: si ho desitgeu podem preparar-vos triturats o menjar sense sal. O si prefereixes guardem a la nevera els vostres triturats o productes especials. Demana\u2019ns per escalfar biberons\nTenim en compte intoler\u00e0ncies i al\u2022l\u00e8rgies<\/div><\/div><\/div><\/div><div class=\"elementor-repeater-item-3c3f338 swiper-slide\" role=\"group\" aria-roledescription=\"slide\"><div class=\"swiper-slide-bg\" role=\"img\"><\/div><div class=\"elementor-background-overlay\"><\/div><div class=\"swiper-slide-inner\" ><div class=\"swiper-slide-contents\"><div class=\"elementor-slide-heading\">Escapada en fam\u00edlia<\/div><div class=\"elementor-slide-description\">ACTIVITATS:<br>\n\u2022\tRuta dels mets de Ribes <br>\n\u2022\tParc L\u00fadic de Vall de N\u00faria <br>\n\u2022\tRutes amb bicis<br>\n\u2022\tRutes de senderisme f\u00e0cil<br>\n\u2022\tPassejades amb ponis i cavalls<br>\n\u2022\tBanys a les gorgues del Freser<br>\n\u2022\tCircuit multi aventures als arbres<\/div><\/div><\/div><\/div>\t\t\t\t<\/div>\n\t\t\t\t\t\t\t\t\t\t\t\t\t\t\t<div class=\"elementor-swiper-button elementor-swiper-button-prev\" role=\"button\" tabindex=\"0\" aria-label=\"Diapositiva anterior\">\n\t\t\t\t\t\t\t<i aria-hidden=\"true\" class=\"eicon-chevron-left\"><\/i>\t\t\t\t\t\t<\/div>\n\t\t\t\t\t\t<div class=\"elementor-swiper-button elementor-swiper-button-next\" role=\"button\" tabindex=\"0\" aria-label=\"Diapositiva siguiente\">\n\t\t\t\t\t\t\t<i aria-hidden=\"true\" class=\"eicon-chevron-right\"><\/i>\t\t\t\t\t\t<\/div>\n\t\t\t\t\t\t\t\t\t\t\t\t\t\t\t\t<div class=\"swiper-pagination\"><\/div>\n\t\t\t\t\t\t\t\t\t\t\t\t<\/div>\n\t\t\t\t<\/div>\n\t\t\t\t\t\t\t\t<\/div>\n\t\t\t\t<\/div>\n\t\t\t\t\t<\/div>\n\t\t<\/div>\n\t\t\t\t<div class=\"elementor-column elementor-col-33 elementor-inner-column elementor-element elementor-element-335c228\" data-id=\"335c228\" data-element_type=\"column\">\n\t\t\t<div class=\"elementor-widget-wrap elementor-element-populated\">\n\t\t\t\t\t\t<div class=\"elementor-element elementor-element-04d53c1 elementor--h-position-center elementor--v-position-middle elementor-arrows-position-inside elementor-pagination-position-inside elementor-widget elementor-widget-slides\" data-id=\"04d53c1\" data-element_type=\"widget\" data-settings=\"{&quot;transition&quot;:&quot;fade&quot;,&quot;navigation&quot;:&quot;both&quot;,&quot;autoplay&quot;:&quot;yes&quot;,&quot;pause_on_hover&quot;:&quot;yes&quot;,&quot;pause_on_interaction&quot;:&quot;yes&quot;,&quot;autoplay_speed&quot;:5000,&quot;infinite&quot;:&quot;yes&quot;,&quot;transition_speed&quot;:500}\" data-widget_type=\"slides.default\">\n\t\t\t\t<div class=\"elementor-widget-container\">\n\t\t\t\t\t\t\t\t\t<div class=\"elementor-swiper\">\n\t\t\t\t\t<div class=\"elementor-slides-wrapper elementor-main-swiper swiper\" role=\"region\" aria-roledescription=\"carousel\" aria-label=\"Diapositivas\" dir=\"ltr\" data-animation=\"fadeInUp\">\n\t\t\t\t<div class=\"swiper-wrapper elementor-slides\">\n\t\t\t\t\t\t\t\t\t\t<div class=\"elementor-repeater-item-361954f swiper-slide\" role=\"group\" aria-roledescription=\"slide\"><div class=\"swiper-slide-bg\" role=\"img\"><\/div><div class=\"elementor-background-overlay\"><\/div><div class=\"swiper-slide-inner\" ><div class=\"swiper-slide-contents\"><div class=\"elementor-slide-heading\">Natura activa<\/div><div class=\"elementor-slide-description\"><strong> Serveis: <\/strong> <br>\n-\tVenta de forfaits i del cremallera de Vall de N\u00faria <br>\n-\tPots m\u00e9s d\u2019un dia a Vall de Nuria amb un preu molt reduit <br>\n-\tGuarda esqu\u00eds, garatge per bicicletes <br>\n-\tPic-nics d\u2019esmorzar <br> \n-\tEntrepans per emportar<\/div><\/div><\/div><\/div><div class=\"elementor-repeater-item-e04767f swiper-slide\" role=\"group\" aria-roledescription=\"slide\"><div class=\"swiper-slide-bg\" role=\"img\"><\/div><div class=\"elementor-background-overlay\"><\/div><div class=\"swiper-slide-inner\" ><div class=\"swiper-slide-contents\"><div class=\"elementor-slide-heading\">Natura activa<\/div><div class=\"elementor-slide-description\">Disposem d\u2019habitacions habitacions dobles molt funcionals recentment reformades.\n<\/div><\/div><\/div><\/div><div class=\"elementor-repeater-item-b50ebec swiper-slide\" role=\"group\" aria-roledescription=\"slide\"><div class=\"swiper-slide-bg\" role=\"img\"><\/div><div class=\"swiper-slide-inner\" ><div class=\"swiper-slide-contents\"><div class=\"elementor-slide-heading\">Natura activa<\/div><div class=\"elementor-slide-description\">Fem cuina casolana de temporada amb productes de qualitat. Men\u00fa variat i adaptat tenir energia per el teu dia. Tenim en compte intoler\u00e0ncies i al\u00b7l\u00e8rgies\n<\/div><\/div><\/div><\/div><div class=\"elementor-repeater-item-a9857e7 swiper-slide\" role=\"group\" aria-roledescription=\"slide\"><div class=\"swiper-slide-bg\" role=\"img\"><\/div><div class=\"elementor-background-overlay\"><\/div><div class=\"swiper-slide-inner\" ><div class=\"swiper-slide-contents\"><div class=\"elementor-slide-heading\">Natura activa<\/div><div class=\"elementor-slide-description\">ACTIVITATS:<br>\n\n-\tVia ferrata de Ribes de Freser<br>\n-\tEsquiar a Vall de N\u00faria, la Molina o la Masella <br>\n-\tExcursions am braquetes de neu <br>\n-\tSenderisme: Puigmal, taga, refugi del pla d\u2019Erola, Ermita de Sant Antoni, <br>\n-\tRefrescar-se al Torrent de la Cabana<br>\n-\tRutes itinnerania<br>\n-\tVisita a la Vall de N\u00faria <br><\/div><\/div><\/div><\/div>\t\t\t\t<\/div>\n\t\t\t\t\t\t\t\t\t\t\t\t\t\t\t<div class=\"elementor-swiper-button elementor-swiper-button-prev\" role=\"button\" tabindex=\"0\" aria-label=\"Diapositiva anterior\">\n\t\t\t\t\t\t\t<i aria-hidden=\"true\" class=\"eicon-chevron-left\"><\/i>\t\t\t\t\t\t<\/div>\n\t\t\t\t\t\t<div class=\"elementor-swiper-button elementor-swiper-button-next\" role=\"button\" tabindex=\"0\" aria-label=\"Diapositiva siguiente\">\n\t\t\t\t\t\t\t<i aria-hidden=\"true\" class=\"eicon-chevron-right\"><\/i>\t\t\t\t\t\t<\/div>\n\t\t\t\t\t\t\t\t\t\t\t\t\t\t\t\t<div class=\"swiper-pagination\"><\/div>\n\t\t\t\t\t\t\t\t\t\t\t\t<\/div>\n\t\t\t\t<\/div>\n\t\t\t\t\t\t\t\t<\/div>\n\t\t\t\t<\/div>\n\t\t\t\t\t<\/div>\n\t\t<\/div>\n\t\t\t\t\t<\/div>\n\t\t<\/section>\n\t\t\t\t\t<\/div>\n\t\t<\/div>\n\t\t\t\t\t<\/div>\n\t\t<\/section>\n\t\t\t\t<section class=\"elementor-section elementor-top-section elementor-element elementor-element-44c4fcc elementor-reverse-tablet elementor-reverse-mobile elementor-hidden-desktop elementor-hidden-tablet elementor-hidden-mobile elementor-section-boxed elementor-section-height-default elementor-section-height-default\" data-id=\"44c4fcc\" data-element_type=\"section\" data-settings=\"{&quot;background_background&quot;:&quot;classic&quot;}\">\n\t\t\t\t\t\t\t<div class=\"elementor-background-overlay\"><\/div>\n\t\t\t\t\t\t\t<div class=\"elementor-container elementor-column-gap-default\">\n\t\t\t\t\t<div class=\"elementor-column elementor-col-50 elementor-top-column elementor-element elementor-element-5c14c6b\" data-id=\"5c14c6b\" data-element_type=\"column\" data-settings=\"{&quot;background_background&quot;:&quot;classic&quot;}\">\n\t\t\t<div class=\"elementor-widget-wrap elementor-element-populated\">\n\t\t\t\t\t\t<section class=\"elementor-section elementor-inner-section elementor-element elementor-element-666022f elementor-section-content-middle elementor-section-boxed elementor-section-height-default elementor-section-height-default\" data-id=\"666022f\" data-element_type=\"section\">\n\t\t\t\t\t\t<div class=\"elementor-container elementor-column-gap-default\">\n\t\t\t\t\t<div class=\"elementor-column elementor-col-50 elementor-inner-column elementor-element elementor-element-8271517\" data-id=\"8271517\" data-element_type=\"column\">\n\t\t\t<div class=\"elementor-widget-wrap elementor-element-populated\">\n\t\t\t\t\t\t<div class=\"elementor-element elementor-element-fa6ebe3 elementor-widget-divider--view-line elementor-widget elementor-widget-divider\" data-id=\"fa6ebe3\" data-element_type=\"widget\" data-widget_type=\"divider.default\">\n\t\t\t\t<div class=\"elementor-widget-container\">\n\t\t\t\t\t\t\t<div class=\"elementor-divider\">\n\t\t\t<span class=\"elementor-divider-separator\">\n\t\t\t\t\t\t<\/span>\n\t\t<\/div>\n\t\t\t\t\t\t<\/div>\n\t\t\t\t<\/div>\n\t\t\t\t\t<\/div>\n\t\t<\/div>\n\t\t\t\t<div class=\"elementor-column elementor-col-50 elementor-inner-column elementor-element elementor-element-506d0c5\" data-id=\"506d0c5\" data-element_type=\"column\">\n\t\t\t<div class=\"elementor-widget-wrap elementor-element-populated\">\n\t\t\t\t\t\t<div class=\"elementor-element elementor-element-b7c6f83 envato-kit-138-bracket elementor-widget elementor-widget-heading\" data-id=\"b7c6f83\" data-element_type=\"widget\" data-widget_type=\"heading.default\">\n\t\t\t\t<div class=\"elementor-widget-container\">\n\t\t\t\t\t<h3 class=\"elementor-heading-title elementor-size-default\">Inter\u00e9s general<\/h3>\t\t\t\t<\/div>\n\t\t\t\t<\/div>\n\t\t\t\t\t<\/div>\n\t\t<\/div>\n\t\t\t\t\t<\/div>\n\t\t<\/section>\n\t\t\t\t<div class=\"elementor-element elementor-element-f18efc2 elementor-widget elementor-widget-spacer\" data-id=\"f18efc2\" data-element_type=\"widget\" data-widget_type=\"spacer.default\">\n\t\t\t\t<div class=\"elementor-widget-container\">\n\t\t\t\t\t\t\t<div class=\"elementor-spacer\">\n\t\t\t<div class=\"elementor-spacer-inner\"><\/div>\n\t\t<\/div>\n\t\t\t\t\t\t<\/div>\n\t\t\t\t<\/div>\n\t\t\t\t<div class=\"elementor-element elementor-element-8bfd5f9 envato-kit-66-featured-slider elementor-arrows-position-outside elementor--h-position-center elementor--v-position-middle elementor-widget elementor-widget-slides\" data-id=\"8bfd5f9\" data-element_type=\"widget\" data-settings=\"{&quot;navigation&quot;:&quot;arrows&quot;,&quot;autoplay_speed&quot;:6000,&quot;autoplay&quot;:&quot;yes&quot;,&quot;pause_on_hover&quot;:&quot;yes&quot;,&quot;pause_on_interaction&quot;:&quot;yes&quot;,&quot;infinite&quot;:&quot;yes&quot;,&quot;transition&quot;:&quot;slide&quot;,&quot;transition_speed&quot;:500}\" data-widget_type=\"slides.default\">\n\t\t\t\t<div class=\"elementor-widget-container\">\n\t\t\t\t\t\t\t\t\t<div class=\"elementor-swiper\">\n\t\t\t\t\t<div class=\"elementor-slides-wrapper elementor-main-swiper swiper\" role=\"region\" aria-roledescription=\"carousel\" aria-label=\"Diapositivas\" dir=\"ltr\" data-animation=\"fadeInRight\">\n\t\t\t\t<div class=\"swiper-wrapper elementor-slides\">\n\t\t\t\t\t\t\t\t\t\t<div class=\"elementor-repeater-item-7179905 swiper-slide\" role=\"group\" aria-roledescription=\"slide\"><div class=\"swiper-slide-bg\" role=\"img\"><\/div><div class=\"swiper-slide-inner\" ><div class=\"swiper-slide-contents\"><div class=\"elementor-slide-heading\">Com vols que sigui la teva escapada a la Vall de Ribes?<\/div><div class=\"elementor-slide-description\">Natura activa.\nRibes de Freser, \u00e9s la porta de diverses valls pirinenques que ofereixen grans possibilitats per gaudir dels esports de muntanya i la natura: excursionisme, escalada, espeleologia, bicicletes de\nmuntanya, passejades amb cavall, pescar a rius, ca\u00e7ar, ca\u00e7a de bolets, rutes pel Rom\u00e0nic Catal\u00e0, degustar la fabulosa gastronomia, pr\u00e0ctica del tir amb arc i, en especial, l\u2019esqu\u00ed de muntanya durant la temporada d\u2019hivern a les estacions de Vall de N\u00faria i La Molina.<\/div><a href=\"#contactans\" class=\"elementor-button elementor-slide-button elementor-size-md\">Contacta'ns<\/a><\/div><\/div><\/div><div class=\"elementor-repeater-item-fb78017 swiper-slide\" role=\"group\" aria-roledescription=\"slide\"><div class=\"swiper-slide-bg\" role=\"img\"><\/div><div class=\"swiper-slide-inner\" ><div class=\"swiper-slide-contents\"><div class=\"elementor-slide-heading\">En fam\u00edlia<\/div><div class=\"elementor-slide-description\">Vine i gaudeix amb els qui m\u00e9s t\u2019estimes d\u2019uns dies que et sorprendran i recordareu sempre m\u00e9s! Aprofita per passar-ho genial amb la teva fam\u00edlia en un entorn ideal a prop de casa! \n\n\u00a1Teniu l\u2019excusa perfecte per viure amb intensitat amb la teva parella i fills! \n\n\u00a1Feu les maletes, us esperem!! <\/div><a href=\"#contactans\" class=\"elementor-button elementor-slide-button elementor-size-md\">Contacta'ns<\/a><\/div><\/div><\/div><div class=\"elementor-repeater-item-1e16cbf swiper-slide\" role=\"group\" aria-roledescription=\"slide\"><div class=\"swiper-slide-bg\" role=\"img\"><\/div><a class=\"swiper-slide-inner\" href=\"#contactans\"><div class=\"swiper-slide-contents\"><div class=\"elementor-slide-heading\">Qu\u00e8 us oferim?<\/div><div class=\"elementor-slide-description\">Habitacions : <br>\n\u2022 Triples i qu\u00e0druples, amb o sense terrassa per\u00f2 totes amb vistes a l\u2019entorn del poble.<br> \n\u2022 Bressols gratu\u00efts per menors de 2 anys (sota petici\u00f3)<br>\nMenjar : <br>\n\u2022 Cuina casolana amb bons productes de qualitat ideals tan per grans com per petits<br>\n\u2022 Preparem triturats : de verdures, carn, peix, fruites<br>\n\u2022 Guardem a la nevera els triturats que porten els pares I altres productes especials<br>\n\u2022 Tenim en compte intoler\u00e0ncies i al\u00b7l\u00e8rgies<br>\n\u2022 Microones \n<\/div><div  class=\"elementor-button elementor-slide-button elementor-size-md\">Contacta'ns<\/div><\/div><\/a><\/div><div class=\"elementor-repeater-item-3fabbd0 swiper-slide\" role=\"group\" aria-roledescription=\"slide\"><div class=\"swiper-slide-bg\" role=\"img\"><\/div><div class=\"swiper-slide-inner\" ><div class=\"swiper-slide-contents\"><div class=\"elementor-slide-heading\">Algunes propostes per fer en fam\u00edlia a la Vall: <\/div><div class=\"elementor-slide-description\">\u2022 Ruta de les Fonts de Ribes<br>\n\u2022 Ruta dels mets de ribes<br>\n\u2022 Parc L\u00fadic de Vall de N\u00faria (tiquets disponibles a l\u2019hotel amb descompte)<br> \n\u2022 Passejades amb xiqui ponis i cavalls (descompte pels clients de l\u2019hotel) \n<br>\u2022 Banyar-se a les gorgues del Freser\n<br>\u2022 Fer la via ferrata de Ribes\n<br>\u2022 Fer un circuit multi aventures als arbres<\/div><a href=\"#contactans\" class=\"elementor-button elementor-slide-button elementor-size-md\">Contacta'ns<\/a><\/div><\/div><\/div>\t\t\t\t<\/div>\n\t\t\t\t\t\t\t\t\t\t\t\t\t\t\t<div class=\"elementor-swiper-button elementor-swiper-button-prev\" role=\"button\" tabindex=\"0\" aria-label=\"Diapositiva anterior\">\n\t\t\t\t\t\t\t<i aria-hidden=\"true\" class=\"eicon-chevron-left\"><\/i>\t\t\t\t\t\t<\/div>\n\t\t\t\t\t\t<div class=\"elementor-swiper-button elementor-swiper-button-next\" role=\"button\" tabindex=\"0\" aria-label=\"Diapositiva siguiente\">\n\t\t\t\t\t\t\t<i aria-hidden=\"true\" class=\"eicon-chevron-right\"><\/i>\t\t\t\t\t\t<\/div>\n\t\t\t\t\t\t\t\t\t\t\t\t\t\t\t\t\t<\/div>\n\t\t\t\t<\/div>\n\t\t\t\t\t\t\t\t<\/div>\n\t\t\t\t<\/div>\n\t\t\t\t<div class=\"elementor-element elementor-element-c22b5d7 elementor-widget elementor-widget-spacer\" data-id=\"c22b5d7\" data-element_type=\"widget\" data-widget_type=\"spacer.default\">\n\t\t\t\t<div class=\"elementor-widget-container\">\n\t\t\t\t\t\t\t<div class=\"elementor-spacer\">\n\t\t\t<div class=\"elementor-spacer-inner\"><\/div>\n\t\t<\/div>\n\t\t\t\t\t\t<\/div>\n\t\t\t\t<\/div>\n\t\t\t\t<div class=\"elementor-element elementor-element-2a96bac elementor-widget elementor-widget-spacer\" data-id=\"2a96bac\" data-element_type=\"widget\" data-widget_type=\"spacer.default\">\n\t\t\t\t<div class=\"elementor-widget-container\">\n\t\t\t\t\t\t\t<div class=\"elementor-spacer\">\n\t\t\t<div class=\"elementor-spacer-inner\"><\/div>\n\t\t<\/div>\n\t\t\t\t\t\t<\/div>\n\t\t\t\t<\/div>\n\t\t\t\t\t<\/div>\n\t\t<\/div>\n\t\t\t\t<div class=\"elementor-column elementor-col-50 elementor-top-column elementor-element elementor-element-6b56e30\" data-id=\"6b56e30\" data-element_type=\"column\">\n\t\t\t<div class=\"elementor-widget-wrap elementor-element-populated\">\n\t\t\t\t\t\t<div class=\"elementor-element elementor-element-921907a elementor-widget elementor-widget-image-carousel\" data-id=\"921907a\" data-element_type=\"widget\" data-settings=\"{&quot;slides_to_show&quot;:&quot;1&quot;,&quot;navigation&quot;:&quot;none&quot;,&quot;autoplay_speed&quot;:6000,&quot;effect&quot;:&quot;fade&quot;,&quot;speed&quot;:600,&quot;autoplay&quot;:&quot;yes&quot;,&quot;pause_on_hover&quot;:&quot;yes&quot;,&quot;pause_on_interaction&quot;:&quot;yes&quot;,&quot;infinite&quot;:&quot;yes&quot;}\" data-widget_type=\"image-carousel.default\">\n\t\t\t\t<div class=\"elementor-widget-container\">\n\t\t\t\t\t\t\t<div class=\"elementor-image-carousel-wrapper swiper\" role=\"region\" aria-roledescription=\"carousel\" aria-label=\"Carrusel de im\u00e1genes\" dir=\"ltr\">\n\t\t\t<div class=\"elementor-image-carousel swiper-wrapper\" aria-live=\"off\">\n\t\t\t\t\t\t\t\t<div class=\"swiper-slide\" role=\"group\" aria-roledescription=\"slide\" aria-label=\"1 de 3\"><figure class=\"swiper-slide-inner\"><img decoding=\"async\" class=\"swiper-slide-image lazyload\" data-src=\"https:\/\/catalunyaparkhotels.com\/HC\/wp-content\/uploads\/elementor\/thumbs\/IMG_5561-r12owkit86agamb5ybntsi7gxrh9volf710s6s4gns.jpg\" alt=\"IMG_5561\" src=\"data:image\/gif;base64,R0lGODlhAQABAAAAACH5BAEKAAEALAAAAAABAAEAAAICTAEAOw==\" style=\"--smush-placeholder-width: 600px; --smush-placeholder-aspect-ratio: 600\/700;\" \/><\/figure><\/div><div class=\"swiper-slide\" role=\"group\" aria-roledescription=\"slide\" aria-label=\"2 de 3\"><figure class=\"swiper-slide-inner\"><img decoding=\"async\" class=\"swiper-slide-image lazyload\" data-src=\"https:\/\/catalunyaparkhotels.com\/HC\/wp-content\/uploads\/elementor\/thumbs\/IMG_5566-r12oxrrdyjxn4okcxucnz7ao9hk5prd2oz149iccpk.jpg\" alt=\"IMG_5566\" src=\"data:image\/gif;base64,R0lGODlhAQABAAAAACH5BAEKAAEALAAAAAABAAEAAAICTAEAOw==\" style=\"--smush-placeholder-width: 600px; --smush-placeholder-aspect-ratio: 600\/700;\" \/><\/figure><\/div><div class=\"swiper-slide\" role=\"group\" aria-roledescription=\"slide\" aria-label=\"3 de 3\"><figure class=\"swiper-slide-inner\"><img decoding=\"async\" class=\"swiper-slide-image lazyload\" data-src=\"https:\/\/catalunyaparkhotels.com\/HC\/wp-content\/uploads\/elementor\/thumbs\/IMG_5702-r12oz2rbg9pz96o3beo0fvfpyr4iemjnjfne9ceo2g.jpg\" alt=\"IMG_5702\" src=\"data:image\/gif;base64,R0lGODlhAQABAAAAACH5BAEKAAEALAAAAAABAAEAAAICTAEAOw==\" style=\"--smush-placeholder-width: 600px; --smush-placeholder-aspect-ratio: 600\/700;\" \/><\/figure><\/div>\t\t\t<\/div>\n\t\t\t\t\t\t\t\n\t\t\t\t\t\t\t\t\t<\/div>\n\t\t\t\t\t\t<\/div>\n\t\t\t\t<\/div>\n\t\t\t\t\t<\/div>\n\t\t<\/div>\n\t\t\t\t\t<\/div>\n\t\t<\/section>\n\t\t\t\t<section class=\"elementor-section elementor-top-section elementor-element elementor-element-9193153 envato-kit-141-top-0 elementor-section-boxed elementor-section-height-default elementor-section-height-default\" data-id=\"9193153\" data-element_type=\"section\" data-settings=\"{&quot;background_background&quot;:&quot;classic&quot;}\">\n\t\t\t\t\t\t\t<div class=\"elementor-background-overlay\"><\/div>\n\t\t\t\t\t\t\t<div class=\"elementor-container elementor-column-gap-wider\">\n\t\t\t\t\t<div class=\"elementor-column elementor-col-100 elementor-top-column elementor-element elementor-element-ced2c2f\" data-id=\"ced2c2f\" data-element_type=\"column\">\n\t\t\t<div class=\"elementor-widget-wrap elementor-element-populated\">\n\t\t\t\t\t\t<div class=\"elementor-element elementor-element-e510197 elementor-invisible elementor-widget elementor-widget-heading\" data-id=\"e510197\" data-element_type=\"widget\" data-settings=\"{&quot;_animation&quot;:&quot;fadeIn&quot;,&quot;_animation_delay&quot;:150}\" data-widget_type=\"heading.default\">\n\t\t\t\t<div class=\"elementor-widget-container\">\n\t\t\t\t\t<h2 class=\"elementor-heading-title elementor-size-default\">T'assegurem<\/h2>\t\t\t\t<\/div>\n\t\t\t\t<\/div>\n\t\t\t\t<div class=\"elementor-element elementor-element-b0f6353 elementor-widget__width-inherit contactans elementor-invisible elementor-widget elementor-widget-heading\" data-id=\"b0f6353\" data-element_type=\"widget\" data-settings=\"{&quot;_animation&quot;:&quot;fadeIn&quot;,&quot;_animation_delay&quot;:100}\" data-widget_type=\"heading.default\">\n\t\t\t\t<div class=\"elementor-widget-container\">\n\t\t\t\t\t<h2 class=\"elementor-heading-title elementor-size-default\">Descans merescut<\/h2>\t\t\t\t<\/div>\n\t\t\t\t<\/div>\n\t\t\t\t<div class=\"elementor-element elementor-element-d7147d0 elementor-widget-divider--view-line elementor-invisible elementor-widget elementor-widget-divider\" data-id=\"d7147d0\" data-element_type=\"widget\" data-settings=\"{&quot;_animation&quot;:&quot;fadeIn&quot;,&quot;_animation_delay&quot;:200}\" data-widget_type=\"divider.default\">\n\t\t\t\t<div class=\"elementor-widget-container\">\n\t\t\t\t\t\t\t<div class=\"elementor-divider\">\n\t\t\t<span class=\"elementor-divider-separator\">\n\t\t\t\t\t\t<\/span>\n\t\t<\/div>\n\t\t\t\t\t\t<\/div>\n\t\t\t\t<\/div>\n\t\t\t\t<div class=\"elementor-element elementor-element-d998c97 elementor-invisible elementor-widget elementor-widget-heading\" data-id=\"d998c97\" data-element_type=\"widget\" data-settings=\"{&quot;_animation&quot;:&quot;fadeIn&quot;,&quot;_animation_delay&quot;:250}\" data-widget_type=\"heading.default\">\n\t\t\t\t<div class=\"elementor-widget-container\">\n\t\t\t\t\t<h2 class=\"elementor-heading-title elementor-size-default\">Si tens ganes de tranquil.litat, descans i desconnexi\u00f3 en un entorn de natura i muntanya i amb un tracte proper i personalitzat, aquesta \u00e9s la teva escapada! \nVine sol, en parella o amb fam\u00edlia, respira aire pur i gaudeix de les teves vacances: ho tens merescut!\n<\/h2>\t\t\t\t<\/div>\n\t\t\t\t<\/div>\n\t\t\t\t\t<\/div>\n\t\t<\/div>\n\t\t\t\t\t<\/div>\n\t\t<\/section>\n\t\t\t\t<section class=\"elementor-section elementor-top-section elementor-element elementor-element-1b999d7 elementor-reverse-tablet elementor-reverse-mobile elementor-hidden-desktop elementor-hidden-tablet elementor-hidden-mobile elementor-section-boxed elementor-section-height-default elementor-section-height-default\" data-id=\"1b999d7\" data-element_type=\"section\" data-settings=\"{&quot;background_background&quot;:&quot;classic&quot;}\">\n\t\t\t\t\t\t\t<div class=\"elementor-background-overlay\"><\/div>\n\t\t\t\t\t\t\t<div class=\"elementor-container elementor-column-gap-default\">\n\t\t\t\t\t<div class=\"elementor-column elementor-col-50 elementor-top-column elementor-element elementor-element-a596c76\" data-id=\"a596c76\" data-element_type=\"column\">\n\t\t\t<div class=\"elementor-widget-wrap elementor-element-populated\">\n\t\t\t\t\t\t<div class=\"elementor-element elementor-element-201d4a4 elementor-widget elementor-widget-image-carousel\" data-id=\"201d4a4\" data-element_type=\"widget\" data-settings=\"{&quot;slides_to_show&quot;:&quot;1&quot;,&quot;navigation&quot;:&quot;none&quot;,&quot;autoplay_speed&quot;:6000,&quot;effect&quot;:&quot;fade&quot;,&quot;speed&quot;:600,&quot;autoplay&quot;:&quot;yes&quot;,&quot;pause_on_hover&quot;:&quot;yes&quot;,&quot;pause_on_interaction&quot;:&quot;yes&quot;,&quot;infinite&quot;:&quot;yes&quot;}\" data-widget_type=\"image-carousel.default\">\n\t\t\t\t<div class=\"elementor-widget-container\">\n\t\t\t\t\t\t\t<div class=\"elementor-image-carousel-wrapper swiper\" role=\"region\" aria-roledescription=\"carousel\" aria-label=\"Carrusel de im\u00e1genes\" dir=\"ltr\">\n\t\t\t<div class=\"elementor-image-carousel swiper-wrapper\" aria-live=\"off\">\n\t\t\t\t\t\t\t\t<div class=\"swiper-slide\" role=\"group\" aria-roledescription=\"slide\" aria-label=\"1 de 3\"><figure class=\"swiper-slide-inner\"><img decoding=\"async\" class=\"swiper-slide-image lazyload\" data-src=\"https:\/\/catalunyaparkhotels.com\/HC\/wp-content\/uploads\/elementor\/thumbs\/IMG_5561-r12owkit86agamb5ybntsi7gxrh9volf710s6s4gns.jpg\" alt=\"IMG_5561\" src=\"data:image\/gif;base64,R0lGODlhAQABAAAAACH5BAEKAAEALAAAAAABAAEAAAICTAEAOw==\" style=\"--smush-placeholder-width: 600px; --smush-placeholder-aspect-ratio: 600\/700;\" \/><\/figure><\/div><div class=\"swiper-slide\" role=\"group\" aria-roledescription=\"slide\" aria-label=\"2 de 3\"><figure class=\"swiper-slide-inner\"><img decoding=\"async\" class=\"swiper-slide-image lazyload\" data-src=\"https:\/\/catalunyaparkhotels.com\/HC\/wp-content\/uploads\/elementor\/thumbs\/IMG_5566-r12oxrrdyjxn4okcxucnz7ao9hk5prd2oz149iccpk.jpg\" alt=\"IMG_5566\" src=\"data:image\/gif;base64,R0lGODlhAQABAAAAACH5BAEKAAEALAAAAAABAAEAAAICTAEAOw==\" style=\"--smush-placeholder-width: 600px; --smush-placeholder-aspect-ratio: 600\/700;\" \/><\/figure><\/div><div class=\"swiper-slide\" role=\"group\" aria-roledescription=\"slide\" aria-label=\"3 de 3\"><figure class=\"swiper-slide-inner\"><img decoding=\"async\" class=\"swiper-slide-image lazyload\" data-src=\"https:\/\/catalunyaparkhotels.com\/HC\/wp-content\/uploads\/elementor\/thumbs\/IMG_5702-r12oz2rbg9pz96o3beo0fvfpyr4iemjnjfne9ceo2g.jpg\" alt=\"IMG_5702\" src=\"data:image\/gif;base64,R0lGODlhAQABAAAAACH5BAEKAAEALAAAAAABAAEAAAICTAEAOw==\" style=\"--smush-placeholder-width: 600px; --smush-placeholder-aspect-ratio: 600\/700;\" \/><\/figure><\/div>\t\t\t<\/div>\n\t\t\t\t\t\t\t\n\t\t\t\t\t\t\t\t\t<\/div>\n\t\t\t\t\t\t<\/div>\n\t\t\t\t<\/div>\n\t\t\t\t\t<\/div>\n\t\t<\/div>\n\t\t\t\t<div class=\"elementor-column elementor-col-50 elementor-top-column elementor-element elementor-element-bdd325d\" data-id=\"bdd325d\" data-element_type=\"column\" data-settings=\"{&quot;background_background&quot;:&quot;classic&quot;}\">\n\t\t\t<div class=\"elementor-widget-wrap elementor-element-populated\">\n\t\t\t\t\t\t<section class=\"elementor-section elementor-inner-section elementor-element elementor-element-50b83be elementor-section-content-middle elementor-section-boxed elementor-section-height-default elementor-section-height-default\" data-id=\"50b83be\" data-element_type=\"section\">\n\t\t\t\t\t\t<div class=\"elementor-container elementor-column-gap-default\">\n\t\t\t\t\t<div class=\"elementor-column elementor-col-50 elementor-inner-column elementor-element elementor-element-a432ec9\" data-id=\"a432ec9\" data-element_type=\"column\">\n\t\t\t<div class=\"elementor-widget-wrap elementor-element-populated\">\n\t\t\t\t\t\t<div class=\"elementor-element elementor-element-f308200 elementor-widget-divider--view-line elementor-widget elementor-widget-divider\" data-id=\"f308200\" data-element_type=\"widget\" data-widget_type=\"divider.default\">\n\t\t\t\t<div class=\"elementor-widget-container\">\n\t\t\t\t\t\t\t<div class=\"elementor-divider\">\n\t\t\t<span class=\"elementor-divider-separator\">\n\t\t\t\t\t\t<\/span>\n\t\t<\/div>\n\t\t\t\t\t\t<\/div>\n\t\t\t\t<\/div>\n\t\t\t\t\t<\/div>\n\t\t<\/div>\n\t\t\t\t<div class=\"elementor-column elementor-col-50 elementor-inner-column elementor-element elementor-element-c559a52\" data-id=\"c559a52\" data-element_type=\"column\">\n\t\t\t<div class=\"elementor-widget-wrap elementor-element-populated\">\n\t\t\t\t\t\t<div class=\"elementor-element elementor-element-b409290 envato-kit-138-bracket elementor-widget elementor-widget-heading\" data-id=\"b409290\" data-element_type=\"widget\" data-widget_type=\"heading.default\">\n\t\t\t\t<div class=\"elementor-widget-container\">\n\t\t\t\t\t<h3 class=\"elementor-heading-title elementor-size-default\">Qu\u00e8 us oferim? \n<\/h3>\t\t\t\t<\/div>\n\t\t\t\t<\/div>\n\t\t\t\t\t<\/div>\n\t\t<\/div>\n\t\t\t\t\t<\/div>\n\t\t<\/section>\n\t\t\t\t<div class=\"elementor-element elementor-element-81674de elementor-widget elementor-widget-spacer\" data-id=\"81674de\" data-element_type=\"widget\" data-widget_type=\"spacer.default\">\n\t\t\t\t<div class=\"elementor-widget-container\">\n\t\t\t\t\t\t\t<div class=\"elementor-spacer\">\n\t\t\t<div class=\"elementor-spacer-inner\"><\/div>\n\t\t<\/div>\n\t\t\t\t\t\t<\/div>\n\t\t\t\t<\/div>\n\t\t\t\t<div class=\"elementor-element elementor-element-a758a7f envato-kit-66-featured-slider elementor-arrows-position-outside elementor--h-position-center elementor--v-position-middle elementor-widget elementor-widget-slides\" data-id=\"a758a7f\" data-element_type=\"widget\" data-settings=\"{&quot;navigation&quot;:&quot;arrows&quot;,&quot;autoplay_speed&quot;:6000,&quot;autoplay&quot;:&quot;yes&quot;,&quot;pause_on_hover&quot;:&quot;yes&quot;,&quot;pause_on_interaction&quot;:&quot;yes&quot;,&quot;infinite&quot;:&quot;yes&quot;,&quot;transition&quot;:&quot;slide&quot;,&quot;transition_speed&quot;:500}\" data-widget_type=\"slides.default\">\n\t\t\t\t<div class=\"elementor-widget-container\">\n\t\t\t\t\t\t\t\t\t<div class=\"elementor-swiper\">\n\t\t\t\t\t<div class=\"elementor-slides-wrapper elementor-main-swiper swiper\" role=\"region\" aria-roledescription=\"carousel\" aria-label=\"Diapositivas\" dir=\"ltr\" data-animation=\"fadeInRight\">\n\t\t\t\t<div class=\"swiper-wrapper elementor-slides\">\n\t\t\t\t\t\t\t\t\t\t<div class=\"elementor-repeater-item-7179905 swiper-slide\" role=\"group\" aria-roledescription=\"slide\"><div class=\"swiper-slide-bg\" role=\"img\"><\/div><div class=\"swiper-slide-inner\" ><div class=\"swiper-slide-contents\"><div class=\"elementor-slide-heading\">Espais exteriors <\/div><div class=\"elementor-slide-description\">\u2022 Jard\u00ed ampli, fresc i tranquil <br>\n\u2022 Piscina per adults i nens<br>\n\u2022 Terrassa exterior<br>\n\u2022 Garatge gratis exterior de Vall de N\u00faria al davant de l\u2019hotel<br>\n\u2022 Garatge tancat privat (pr\u00e8via reserva) <\/div><a href=\"#contactans\" class=\"elementor-button elementor-slide-button elementor-size-md\">Contacta'ns<\/a><\/div><\/div><\/div><div class=\"elementor-repeater-item-fb78017 swiper-slide\" role=\"group\" aria-roledescription=\"slide\"><div class=\"swiper-slide-bg\" role=\"img\"><\/div><div class=\"swiper-slide-inner\" ><div class=\"swiper-slide-contents\"><div class=\"elementor-slide-heading\">Espais interiors <\/div><div class=\"elementor-slide-description\">\u2022 Sala de televisi\u00f3 i bar <br>\n\u2022 Sal\u00f3 privat de lectura i televisi\u00f3 (nom\u00e9s per adults)<br>\n\u2022 Restaurant amb vistes<br>\n\u2022 Sales privades per a reuni\u00f3 de grups (pr\u00e8via reserva) <br>\n\u2022 Sala de jocs de taula : escacs, cartes, uno, dames, scrabble, 3 en ratlla, rummycub\u2026<\/div><a href=\"#contactans\" class=\"elementor-button elementor-slide-button elementor-size-md\">Contacta'ns<\/a><\/div><\/div><\/div><div class=\"elementor-repeater-item-1e16cbf swiper-slide\" role=\"group\" aria-roledescription=\"slide\"><div class=\"swiper-slide-bg\" role=\"img\"><\/div><a class=\"swiper-slide-inner\" href=\"#contactans\"><div class=\"swiper-slide-contents\"><div class=\"elementor-slide-heading\">Qu\u00e8 us oferim?<\/div><div class=\"elementor-slide-description\">Habitacions : <br>\n\u2022 Triples i qu\u00e0druples, amb o sense terrassa per\u00f2 totes amb vistes a l\u2019entorn del poble.<br> \n\u2022 Bressols gratu\u00efts per menors de 2 anys (sota petici\u00f3)<br>\nMenjar : <br>\n\u2022 Cuina casolana amb bons productes de qualitat ideals tan per grans com per petits<br>\n\u2022 Preparem triturats : de verdures, carn, peix, fruites<br>\n\u2022 Guardem a la nevera els triturats que porten els pares I altres productes especials<br>\n\u2022 Tenim en compte intoler\u00e0ncies i al\u00b7l\u00e8rgies<br>\n\u2022 Microones \n<\/div><div  class=\"elementor-button elementor-slide-button elementor-size-md\">Contacta'ns<\/div><\/div><\/a><\/div><div class=\"elementor-repeater-item-3fabbd0 swiper-slide\" role=\"group\" aria-roledescription=\"slide\"><div class=\"swiper-slide-bg\" role=\"img\"><\/div><div class=\"swiper-slide-inner\" ><div class=\"swiper-slide-contents\"><div class=\"elementor-slide-heading\">Cuina<\/div><div class=\"elementor-slide-description\">\u2022 Cuina casolana de temporada amb productes de qualitat. Men\u00fa variat i adaptat a dietes <br>\n\u2022 Tenim en compte intoler\u00e0ncies i al.l\u00e8rgies<\/div><a href=\"#contactans\" class=\"elementor-button elementor-slide-button elementor-size-md\">Contacta'ns<\/a><\/div><\/div><\/div><div class=\"elementor-repeater-item-c6b1c50 swiper-slide\" role=\"group\" aria-roledescription=\"slide\"><div class=\"swiper-slide-bg\" role=\"img\"><\/div><a class=\"swiper-slide-inner\" href=\"#contactans\"><div class=\"swiper-slide-contents\"><div class=\"elementor-slide-heading\">Habitacions Dobles<\/div><div class=\"elementor-slide-description\">3 categories: <br>\n\u2022 Habitaci\u00f3 doble: amb vistes a l\u2019entorn del poble<br>\n\u2022 Habitaci\u00f3 doble amb terrassa: amb vistes a muntanya i a la piscina<br>\n\u2022 Habitaci\u00f3 doble superior amb terrassa (nom\u00e9s per adults): m\u00e9s amplies, lluminoses, tranquil-les i amb terrassa amb vistes a la piscina. <\/div><div  class=\"elementor-button elementor-slide-button elementor-size-md\">Contacta'ns<\/div><\/div><\/a><\/div><div class=\"elementor-repeater-item-c19a892 swiper-slide\" role=\"group\" aria-roledescription=\"slide\"><div class=\"swiper-slide-bg\" role=\"img\"><\/div><a class=\"swiper-slide-inner\" href=\"#contactans\"><div class=\"swiper-slide-contents\"><div class=\"elementor-slide-heading\">ALGUNES PROPOSTES PER CON\u00c8IXER LA ZONA <\/div><div class=\"elementor-slide-description\">\u2022 Ruta de les Fonts per l\u2019entorn immediat del poble de Ribes <br>\n\u2022 Visita a la Vall de N\u00faria (possibilitat de gaudir de \u201cla targeta resident\u201d que per 6 \u20ac addicionals a la compra del primer bitllet (ofert a l\u2019hotel amb descompte) permet pujar a N\u00faria tants dies com s\u2019est\u00e0 allotjat a l\u2019hotel)<br> \n\u2022 Rutes guiades amb 4X4 (ruta de la cascada, ruta de l\u2019estany de Pardines) \n\u2022 Descoberta del rom\u00e0nic (monestir de Sta Maria de Ripoll, esgl\u00e9sia de St Jaume de Queralbs, esglesia de Sta Magdalena de Pardines) <br>\n\u2022 Ruta dels miradors <br>\n\u2022 Ruta dels fortins <br>\n\u2022 Visita als pobles de la Vall de Ribes: Campelles, Bruguera, Pardines, Queralbs, Planoles, Toses...\n<\/div><div  class=\"elementor-button elementor-slide-button elementor-size-md\">Contacta'ns<\/div><\/div><\/a><\/div>\t\t\t\t<\/div>\n\t\t\t\t\t\t\t\t\t\t\t\t\t\t\t<div class=\"elementor-swiper-button elementor-swiper-button-prev\" role=\"button\" tabindex=\"0\" aria-label=\"Diapositiva anterior\">\n\t\t\t\t\t\t\t<i aria-hidden=\"true\" class=\"eicon-chevron-left\"><\/i>\t\t\t\t\t\t<\/div>\n\t\t\t\t\t\t<div class=\"elementor-swiper-button elementor-swiper-button-next\" role=\"button\" tabindex=\"0\" aria-label=\"Diapositiva siguiente\">\n\t\t\t\t\t\t\t<i aria-hidden=\"true\" class=\"eicon-chevron-right\"><\/i>\t\t\t\t\t\t<\/div>\n\t\t\t\t\t\t\t\t\t\t\t\t\t\t\t\t\t<\/div>\n\t\t\t\t<\/div>\n\t\t\t\t\t\t\t\t<\/div>\n\t\t\t\t<\/div>\n\t\t\t\t<div class=\"elementor-element elementor-element-b5a2bcd elementor-widget elementor-widget-spacer\" data-id=\"b5a2bcd\" data-element_type=\"widget\" data-widget_type=\"spacer.default\">\n\t\t\t\t<div class=\"elementor-widget-container\">\n\t\t\t\t\t\t\t<div class=\"elementor-spacer\">\n\t\t\t<div class=\"elementor-spacer-inner\"><\/div>\n\t\t<\/div>\n\t\t\t\t\t\t<\/div>\n\t\t\t\t<\/div>\n\t\t\t\t<div class=\"elementor-element elementor-element-a354a76 elementor-widget elementor-widget-spacer\" data-id=\"a354a76\" data-element_type=\"widget\" data-widget_type=\"spacer.default\">\n\t\t\t\t<div class=\"elementor-widget-container\">\n\t\t\t\t\t\t\t<div class=\"elementor-spacer\">\n\t\t\t<div class=\"elementor-spacer-inner\"><\/div>\n\t\t<\/div>\n\t\t\t\t\t\t<\/div>\n\t\t\t\t<\/div>\n\t\t\t\t\t<\/div>\n\t\t<\/div>\n\t\t\t\t\t<\/div>\n\t\t<\/section>\n\t\t\t\t<\/div>\n\t\t","protected":false},"excerpt":{"rendered":"<p>Localitzaci\u00f3 VINE AVUI Trobeu-nos L\u2019hotel Catalunya* est\u00e0 situat al centre de Ribes de Freser, a 320 metres de l\u2019estaci\u00f3 de tren de RENFE i a 300 metres de l\u2019estaci\u00f3 del tren Cremallera que porta a Vall de N\u00faria (Ribes Enlla\u00e7). Troba&#8217;ns directament Carrer Sant Quint\u00ed, 37 17534 Ribes de Freser \u00b7 Ubicaci\u00f3 ideal L\u2019Hotel Catalunya [&hellip;]<\/p>\n","protected":false},"author":3,"featured_media":0,"parent":0,"menu_order":0,"comment_status":"closed","ping_status":"closed","template":"","meta":{"footnotes":""},"class_list":["post-6058","page","type-page","status-publish","hentry"],"yoast_head":"<!-- This site is optimized with the Yoast SEO plugin v24.5 - https:\/\/yoast.com\/wordpress\/plugins\/seo\/ -->\n<title>Localitzaci\u00f3 - Hotel Catalunya<\/title>\n<meta name=\"robots\" content=\"index, follow, max-snippet:-1, max-image-preview:large, max-video-preview:-1\" \/>\n<link rel=\"canonical\" href=\"https:\/\/catalunyaparkhotels.com\/HC\/localitzacio\/\" \/>\n<meta property=\"og:locale\" content=\"es_ES\" \/>\n<meta property=\"og:type\" content=\"article\" \/>\n<meta property=\"og:title\" content=\"Localitzaci\u00f3 - Hotel Catalunya\" \/>\n<meta property=\"og:description\" content=\"Localitzaci\u00f3 VINE AVUI Trobeu-nos L\u2019hotel Catalunya* est\u00e0 situat al centre de Ribes de Freser, a 320 metres de l\u2019estaci\u00f3 de tren de RENFE i a 300 metres de l\u2019estaci\u00f3 del tren Cremallera que porta a Vall de N\u00faria (Ribes Enlla\u00e7). Troba&#8217;ns directament Carrer Sant Quint\u00ed, 37 17534 Ribes de Freser \u00b7 Ubicaci\u00f3 ideal L\u2019Hotel Catalunya [&hellip;]\" \/>\n<meta property=\"og:url\" content=\"https:\/\/catalunyaparkhotels.com\/HC\/localitzacio\/\" \/>\n<meta property=\"og:site_name\" content=\"Hotel Catalunya\" \/>\n<meta property=\"article:modified_time\" content=\"2025-02-14T08:49:38+00:00\" \/>\n<meta property=\"og:image\" content=\"https:\/\/catalunyaparkhotels.com\/HC\/wp-content\/uploads\/elementor\/thumbs\/IMG_5561-r12owkit86agamb5ybntsi7gxrh9volf710s6s4gns.jpg\" \/>\n<meta name=\"twitter:label1\" content=\"Tiempo de lectura\" \/>\n\t<meta name=\"twitter:data1\" content=\"17 minutos\" \/>\n<script type=\"application\/ld+json\" class=\"yoast-schema-graph\">{\"@context\":\"https:\/\/schema.org\",\"@graph\":[{\"@type\":\"WebPage\",\"@id\":\"https:\/\/catalunyaparkhotels.com\/HC\/localitzacio\/\",\"url\":\"https:\/\/catalunyaparkhotels.com\/HC\/localitzacio\/\",\"name\":\"Localitzaci\u00f3 - Hotel Catalunya\",\"isPartOf\":{\"@id\":\"https:\/\/catalunyaparkhotels.com\/HC\/#website\"},\"primaryImageOfPage\":{\"@id\":\"https:\/\/catalunyaparkhotels.com\/HC\/localitzacio\/#primaryimage\"},\"image\":{\"@id\":\"https:\/\/catalunyaparkhotels.com\/HC\/localitzacio\/#primaryimage\"},\"thumbnailUrl\":\"https:\/\/catalunyaparkhotels.com\/HC\/wp-content\/uploads\/elementor\/thumbs\/IMG_5561-r12owkit86agamb5ybntsi7gxrh9volf710s6s4gns.jpg\",\"datePublished\":\"2024-12-11T15:03:56+00:00\",\"dateModified\":\"2025-02-14T08:49:38+00:00\",\"breadcrumb\":{\"@id\":\"https:\/\/catalunyaparkhotels.com\/HC\/localitzacio\/#breadcrumb\"},\"inLanguage\":\"es\",\"potentialAction\":[{\"@type\":\"ReadAction\",\"target\":[\"https:\/\/catalunyaparkhotels.com\/HC\/localitzacio\/\"]}]},{\"@type\":\"ImageObject\",\"inLanguage\":\"es\",\"@id\":\"https:\/\/catalunyaparkhotels.com\/HC\/localitzacio\/#primaryimage\",\"url\":\"https:\/\/catalunyaparkhotels.com\/HC\/wp-content\/uploads\/elementor\/thumbs\/IMG_5561-r12owkit86agamb5ybntsi7gxrh9volf710s6s4gns.jpg\",\"contentUrl\":\"https:\/\/catalunyaparkhotels.com\/HC\/wp-content\/uploads\/elementor\/thumbs\/IMG_5561-r12owkit86agamb5ybntsi7gxrh9volf710s6s4gns.jpg\"},{\"@type\":\"BreadcrumbList\",\"@id\":\"https:\/\/catalunyaparkhotels.com\/HC\/localitzacio\/#breadcrumb\",\"itemListElement\":[{\"@type\":\"ListItem\",\"position\":1,\"name\":\"Portada\",\"item\":\"https:\/\/catalunyaparkhotels.com\/HC\/\"},{\"@type\":\"ListItem\",\"position\":2,\"name\":\"Localitzaci\u00f3\"}]},{\"@type\":\"WebSite\",\"@id\":\"https:\/\/catalunyaparkhotels.com\/HC\/#website\",\"url\":\"https:\/\/catalunyaparkhotels.com\/HC\/\",\"name\":\"Hotel Catalunya\",\"description\":\"Catalunya Park Hotels \u00b7 Hotels de Turisme familiar \u00b7 Vacances a la Vall de Ribes \u00b7 Excursions a Vall de N\u00faria. llocs web\",\"potentialAction\":[{\"@type\":\"SearchAction\",\"target\":{\"@type\":\"EntryPoint\",\"urlTemplate\":\"https:\/\/catalunyaparkhotels.com\/HC\/?s={search_term_string}\"},\"query-input\":{\"@type\":\"PropertyValueSpecification\",\"valueRequired\":true,\"valueName\":\"search_term_string\"}}],\"inLanguage\":\"es\"}]}<\/script>\n<!-- \/ Yoast SEO plugin. -->","yoast_head_json":{"title":"Localitzaci\u00f3 - Hotel Catalunya","robots":{"index":"index","follow":"follow","max-snippet":"max-snippet:-1","max-image-preview":"max-image-preview:large","max-video-preview":"max-video-preview:-1"},"canonical":"https:\/\/catalunyaparkhotels.com\/HC\/localitzacio\/","og_locale":"es_ES","og_type":"article","og_title":"Localitzaci\u00f3 - Hotel Catalunya","og_description":"Localitzaci\u00f3 VINE AVUI Trobeu-nos L\u2019hotel Catalunya* est\u00e0 situat al centre de Ribes de Freser, a 320 metres de l\u2019estaci\u00f3 de tren de RENFE i a 300 metres de l\u2019estaci\u00f3 del tren Cremallera que porta a Vall de N\u00faria (Ribes Enlla\u00e7). Troba&#8217;ns directament Carrer Sant Quint\u00ed, 37 17534 Ribes de Freser \u00b7 Ubicaci\u00f3 ideal L\u2019Hotel Catalunya [&hellip;]","og_url":"https:\/\/catalunyaparkhotels.com\/HC\/localitzacio\/","og_site_name":"Hotel Catalunya","article_modified_time":"2025-02-14T08:49:38+00:00","og_image":[{"url":"https:\/\/catalunyaparkhotels.com\/HC\/wp-content\/uploads\/elementor\/thumbs\/IMG_5561-r12owkit86agamb5ybntsi7gxrh9volf710s6s4gns.jpg","type":"","width":"","height":""}],"twitter_misc":{"Tiempo de lectura":"17 minutos"},"schema":{"@context":"https:\/\/schema.org","@graph":[{"@type":"WebPage","@id":"https:\/\/catalunyaparkhotels.com\/HC\/localitzacio\/","url":"https:\/\/catalunyaparkhotels.com\/HC\/localitzacio\/","name":"Localitzaci\u00f3 - Hotel Catalunya","isPartOf":{"@id":"https:\/\/catalunyaparkhotels.com\/HC\/#website"},"primaryImageOfPage":{"@id":"https:\/\/catalunyaparkhotels.com\/HC\/localitzacio\/#primaryimage"},"image":{"@id":"https:\/\/catalunyaparkhotels.com\/HC\/localitzacio\/#primaryimage"},"thumbnailUrl":"https:\/\/catalunyaparkhotels.com\/HC\/wp-content\/uploads\/elementor\/thumbs\/IMG_5561-r12owkit86agamb5ybntsi7gxrh9volf710s6s4gns.jpg","datePublished":"2024-12-11T15:03:56+00:00","dateModified":"2025-02-14T08:49:38+00:00","breadcrumb":{"@id":"https:\/\/catalunyaparkhotels.com\/HC\/localitzacio\/#breadcrumb"},"inLanguage":"es","potentialAction":[{"@type":"ReadAction","target":["https:\/\/catalunyaparkhotels.com\/HC\/localitzacio\/"]}]},{"@type":"ImageObject","inLanguage":"es","@id":"https:\/\/catalunyaparkhotels.com\/HC\/localitzacio\/#primaryimage","url":"https:\/\/catalunyaparkhotels.com\/HC\/wp-content\/uploads\/elementor\/thumbs\/IMG_5561-r12owkit86agamb5ybntsi7gxrh9volf710s6s4gns.jpg","contentUrl":"https:\/\/catalunyaparkhotels.com\/HC\/wp-content\/uploads\/elementor\/thumbs\/IMG_5561-r12owkit86agamb5ybntsi7gxrh9volf710s6s4gns.jpg"},{"@type":"BreadcrumbList","@id":"https:\/\/catalunyaparkhotels.com\/HC\/localitzacio\/#breadcrumb","itemListElement":[{"@type":"ListItem","position":1,"name":"Portada","item":"https:\/\/catalunyaparkhotels.com\/HC\/"},{"@type":"ListItem","position":2,"name":"Localitzaci\u00f3"}]},{"@type":"WebSite","@id":"https:\/\/catalunyaparkhotels.com\/HC\/#website","url":"https:\/\/catalunyaparkhotels.com\/HC\/","name":"Hotel Catalunya","description":"Catalunya Park Hotels \u00b7 Hotels de Turisme familiar \u00b7 Vacances a la Vall de Ribes \u00b7 Excursions a Vall de N\u00faria. llocs web","potentialAction":[{"@type":"SearchAction","target":{"@type":"EntryPoint","urlTemplate":"https:\/\/catalunyaparkhotels.com\/HC\/?s={search_term_string}"},"query-input":{"@type":"PropertyValueSpecification","valueRequired":true,"valueName":"search_term_string"}}],"inLanguage":"es"}]}},"_links":{"self":[{"href":"https:\/\/catalunyaparkhotels.com\/HC\/wp-json\/wp\/v2\/pages\/6058","targetHints":{"allow":["GET"]}}],"collection":[{"href":"https:\/\/catalunyaparkhotels.com\/HC\/wp-json\/wp\/v2\/pages"}],"about":[{"href":"https:\/\/catalunyaparkhotels.com\/HC\/wp-json\/wp\/v2\/types\/page"}],"author":[{"embeddable":true,"href":"https:\/\/catalunyaparkhotels.com\/HC\/wp-json\/wp\/v2\/users\/3"}],"replies":[{"embeddable":true,"href":"https:\/\/catalunyaparkhotels.com\/HC\/wp-json\/wp\/v2\/comments?post=6058"}],"version-history":[{"count":127,"href":"https:\/\/catalunyaparkhotels.com\/HC\/wp-json\/wp\/v2\/pages\/6058\/revisions"}],"predecessor-version":[{"id":6776,"href":"https:\/\/catalunyaparkhotels.com\/HC\/wp-json\/wp\/v2\/pages\/6058\/revisions\/6776"}],"wp:attachment":[{"href":"https:\/\/catalunyaparkhotels.com\/HC\/wp-json\/wp\/v2\/media?parent=6058"}],"curies":[{"name":"wp","href":"https:\/\/api.w.org\/{rel}","templated":true}]}}